{"id":1635,"date":"2016-08-30T12:30:23","date_gmt":"2016-08-30T10:30:23","guid":{"rendered":"http:\/\/beauty.kbsolution.pl\/?page_id=1635"},"modified":"2016-08-30T12:30:23","modified_gmt":"2016-08-30T10:30:23","slug":"laserowe-usuwanie-tradziku","status":"publish","type":"page","link":"https:\/\/beauty-center.pl\/index.php\/laserowe-usuwanie-tradziku\/","title":{"rendered":"LASEROWE USUWANIE TR\u0104DZIKU"},"content":{"rendered":"<div  class=\"ui--tagline-box-wrapper ui--animation clearfix\"><div  id=\"tagline-1\" class=\"ui--tagline-box ui-row clearfix ui--tagline-box-custom-color radius-3px\" data-responsive=\"{&quot;css&quot;:{&quot;min-height&quot;:{&quot;phone&quot;:&quot;auto&quot;,&quot;tablet&quot;:&quot;auto&quot;,&quot;widescreen&quot;:&quot;&quot;}}}\"><div  class=\"ui--tagline-background-container ui--tagline-background-overlay radius-3px\"><\/div><div  class=\"ui--tagline-background-container ui--tagline-background-image radius-3px\"><\/div><div  class=\"ui--tagline-content\"><div class=\"ui-row row\">\n <div   class=\"ui-column span4\"><div id=\"nav_menu-5\" class=\"widget widget_nav_menu\"><h4 class=\"sidebar-widget-title ui--widget-title\"><span>LASER DIODOWY<\/span><\/h4><div class=\"menu-zabiegi-laserowe-container\"><ul id=\"menu-zabiegi-laserowe\" class=\"menu\"><li id=\"menu-item-1780\" class=\"menu-item menu-item-type-post_type menu-item-object-page depth-0 to-right\"><a href=\"https:\/\/beauty-center.pl\/index.php\/depilacja-laserowa-na-stale-cennik\/\">DEPILACJA LASEROWA NA STA\u0141E- CENNIK<\/a><\/li>\n<li id=\"menu-item-1638\" class=\"menu-item menu-item-type-post_type menu-item-object-page depth-0 to-right\"><a href=\"https:\/\/beauty-center.pl\/index.php\/laserowe-usuwanie-tradziku\/\">LASEROWE USUWANIE TR\u0104DZIKU<\/a><\/li>\n<li id=\"menu-item-1639\" class=\"menu-item menu-item-type-post_type menu-item-object-page depth-0 to-right\"><a href=\"https:\/\/beauty-center.pl\/index.php\/laserowe-usuwanie-naczynek\/\">LASEROWE USUWANIE NACZYNEK<\/a><\/li>\n<li id=\"menu-item-1640\" class=\"menu-item menu-item-type-post_type menu-item-object-page depth-0 to-right\"><a href=\"https:\/\/beauty-center.pl\/index.php\/depilacja-laserowa\/\">DEPILACJA LASEROWA<\/a><\/li>\n<li id=\"menu-item-1644\" class=\"menu-item menu-item-type-post_type menu-item-object-page depth-0 to-right\"><a href=\"https:\/\/beauty-center.pl\/index.php\/fotoodmladzanie\/\">FOTOODM\u0141ADZANIE<\/a><\/li>\n<li id=\"menu-item-2360\" class=\"menu-item menu-item-type-post_type menu-item-object-page depth-0 to-right\"><a href=\"https:\/\/beauty-center.pl\/index.php\/osocze-bogatoplytkowe-czyli-wampirzy-lifting\/\">OSOCZE BOGATOP\u0141YTKOWE, CZYLI WAMPIRZY LIFTING<\/a><\/li>\n<\/ul><\/div><\/div><div id=\"nav_menu-13\" class=\"widget widget_nav_menu\"><h4 class=\"sidebar-widget-title ui--widget-title\"><span>LASER FRAKCYJNY<\/span><\/h4><div class=\"menu-laser-frakcyjny-container\"><ul id=\"menu-laser-frakcyjny\" class=\"menu\"><li id=\"menu-item-1791\" class=\"menu-item menu-item-type-post_type menu-item-object-page depth-0 to-right\"><a href=\"https:\/\/beauty-center.pl\/index.php\/usuwanie-kurzajek-i-wlokniakow-laserem\/\">USUWANIE KURZAJEK I W\u0141\u00d3KNIAK\u00d3W LASEREM<\/a><\/li>\n<li id=\"menu-item-1795\" class=\"menu-item menu-item-type-post_type menu-item-object-page depth-0 to-right\"><a href=\"https:\/\/beauty-center.pl\/index.php\/laser-frakcyjny-cennik\/\">LASER FRAKCYJNY CENNIK<\/a><\/li>\n<\/ul><\/div><\/div><\/div> \n\n <div   class=\"ui-column span8\"><div class=\"ui--title ui--animation ui--title-bordered text-center\"><div class=\"ui--title-holder\"><h3 class=\"ui--title-text\" style=\"color: #bd1e9d !important;\">LASEROWE USUWANIE TR\u0104DZIKU<\/h3><div style=\"border-color: #bd1e9d !important;\" class=\"ui--title-borders ui--title-border-left\"><\/div><div style=\"border-color: #bd1e9d !important;\" class=\"ui--title-borders ui--title-border-right\"><\/div><\/div><\/div><div class=\"auto-format ui--animation\"><p>Skazy i niedoskona\u0142o\u015bci sk\u00f3ry cz\u0119sto s\u0105 przyczyn\u0105 dyskomfortu psychologicznego i psychosomatycznego, a w przypadku tr\u0105dziku odwr\u00f3conego mog\u0105 stanowi\u0107 powa\u017cny problem. Laser diodowy stanowi niezb\u0119dn\u0105 pomoc w usuwaniu zmian sk\u00f3rnych podczas szybkich i bezbolesnych zabieg\u00f3w, bez konieczno\u015bci stosowania \u015brodka znieczulaj\u0105cego.<\/p>\n<\/div><div class=\"ui--image-wrap clearfix text-center ui--block\" style=\"margin-top: 10px;  margin-bottom: 25px;\"><img loading=\"lazy\" decoding=\"async\" width=\"434\" height=\"400\" src=\"https:\/\/beauty-center.pl\/wp-content\/uploads\/2016\/08\/Qm6tMs.jpg\" class=\"ui--image ui--animation\" alt=\"\" id=\"ui--image-1\" srcset=\"https:\/\/beauty-center.pl\/wp-content\/uploads\/2016\/08\/Qm6tMs.jpg 434w, https:\/\/beauty-center.pl\/wp-content\/uploads\/2016\/08\/Qm6tMs-300x276.jpg 300w\" sizes=\"auto, (max-width: 434px) 100vw, 434px\" \/><\/div><div class=\"ui--title ui--animation ui--title-bordered text-center\"><div class=\"ui--title-holder\"><h2 class=\"ui--title-text\" style=\"color: #bd1e9d !important;\">Wykonujemy zabiegi na takie zmiany jak:<\/h2><div style=\"border-color: #bd1e9d !important;\" class=\"ui--title-borders ui--title-border-left\"><\/div><div style=\"border-color: #bd1e9d !important;\" class=\"ui--title-borders ui--title-border-right\"><\/div><\/div><\/div><div class=\"auto-format ui--animation\"><p><strong> Tr\u0105dzik (\u0142ac. Acne vulgaris)<\/strong> choroba sk\u00f3ry, gdzie pod wp\u0142ywem zmian hormonalnych (nadmiernej stymulacji androgenowej) dochodzi do nadmiernego pobudzenia czynno\u015bci gruczo\u0142\u00f3w \u0142ojowych (\u0142ojotoku).  Zmiany chorobowe wyst\u0119puja zwykle na sk\u00f3rze twarzy, g\u00f3rnej cz\u0119\u015bci plec\u00f3w i klatki piersiowej. Zmiany to zask\u00f3rniki, grudki, krosty, torbiele ropne i blizny. Tr\u0105dzik wyst\u0119puje u  m\u0142odzie\u017cy w wieku dojrzewania, ale r\u00f3wnie\u017c u  os\u00f3b w \u015brednim wieku. Czynniki wp\u0142ywajace na rozw\u00f3j tr\u0105dzika odpowiedzialne s\u0105 czynniki genetyczne, hormonalne i bakteryjne.<\/p>\n<p><strong>Tr\u0105dzik pospolity<\/strong>  wi\u0105\u017ce si\u0119 z nadmiernym wytwarzaniem \u0142oju i wzmo\u017conym rogowaceniem kom\u00f3rek przewodu wyprowadzaj\u0105cego gruczo\u0142\u00f3w \u0142ojowych sk\u00f3ry. Nak\u0142adaj\u0105ce si\u0119 na siebie warstwy zrogowacia\u0142ego nask\u00f3rka wype\u0142niaj\u0105 przew\u00f3d wyprowadzaj\u0105cy i zamykaj\u0105 jego uj\u015bcie. Zablokowane uj\u015bcie kana\u0142u gruczo\u0142u \u0142ojowego czopem \u0142oju i zrogowacia\u0142ych kom\u00f3rek to tzw. zask\u00f3rnik, kt\u00f3ry jest niezapaln\u0105 postaci\u0105 tr\u0105dziku. Zamkni\u0119ty gruczo\u0142 blokuje  dost\u0119p tlenu co stwarza doskona\u0142e warunki do rozwoju bakterii beztlenowych, kt\u00f3re powoduja stan zapalny. <\/p>\n<p><strong>Tr\u0105dzik r\u00f3\u017cowaty<\/strong> jest to schorzenie dotycz\u0105ce os\u00f3b w wieku dojrza\u0142ym, najcz\u0119\u015bciej po 30 roku \u017cycia, zar\u00f3wno u kobiet jak i u m\u0119\u017cczyzn. Polegaj\u0105 na wyst\u0119powaniu wykwit\u00f3w rumieniowych, grudkowych i krostkowych. Umiejscowione na twarzy i dekolcie. Nie leczony w pierszym etapie choroby rumie\u0144 utrwala si\u0119, dochodzi do trwa\u0142ego poszerzania naczy\u0144 krwiono\u015bnych, nast\u0119pnie powstaj\u0105 grudki i krosty, a post\u0119puj\u0105ca choroba w zaawansowanym etapie powoduje przerosty gruczo\u0142u (np. na nosie).<\/p>\n<\/div><div class=\"ui--title ui--animation ui--title-bordered text-center\"><div class=\"ui--title-holder\"><h2 class=\"ui--title-text\" style=\"color: #bd1e9d !important;\">CENNIK<\/h2><div style=\"border-color: #bd1e9d !important;\" class=\"ui--title-borders ui--title-border-left\"><\/div><div style=\"border-color: #bd1e9d !important;\" class=\"ui--title-borders ui--title-border-right\"><\/div><\/div><\/div><div class=\"auto-format ui--animation\"><p>\n<table id=\"tablepress-17\" class=\"tablepress tablepress-id-17\">\n<thead>\n<tr class=\"row-1\">\n\t<th class=\"column-1\"><center>PARTIA CIA\u0141A<\/th><th class=\"column-2\"><center>CENA<\/th>\n<\/tr>\n<\/thead>\n<tbody class=\"row-striping row-hover\">\n<tr class=\"row-2\">\n\t<td class=\"column-1\"><center>Twarz<\/td><td class=\"column-2\"><center>100-200z\u0142<\/td>\n<\/tr>\n<tr class=\"row-3\">\n\t<td class=\"column-1\"><center>Dekolt<\/td><td class=\"column-2\"><center>100-180z\u0142<\/td>\n<\/tr>\n<tr class=\"row-4\">\n\t<td class=\"column-1\"><center>Plecy<\/td><td class=\"column-2\"><center>150-300z\u0142<\/td>\n<\/tr>\n<\/tbody>\n<\/table>\n<!-- #tablepress-17 from cache --><\/p>\n<\/div><div class=\"auto-format ui--animation\"><p><u><strong>W KARNECIE 5 ZABIEG\u00d3W \u2013 6 GRATIS<\/strong><\/u><br \/>\nKa\u017cda sk\u00f3ra reaguje na footoodm\u0142adzanie laserowe w spos\u00f3b indywidualny. W niekt\u00f3rych przypadkach, bezpo\u015brednio po zabiegu, mog\u0105 wyst\u0105pi\u0107 podra\u017cnienia, rumie\u0144, pieczenie, lekki obrz\u0119k i strupki w miejscach przebarwie\u0144<\/p>\n<\/div><div class=\"ui--title ui--animation ui--title-bordered text-center\"><div class=\"ui--title-holder\"><h4 class=\"ui--title-text\" style=\"color: #bd1e9d !important;\">GALERIA<\/h4><div style=\"border-color: #bd1e9d !important;\" class=\"ui--title-borders ui--title-border-left\"><\/div><div style=\"border-color: #bd1e9d !important;\" class=\"ui--title-borders ui--title-border-right\"><\/div><\/div><\/div><\/div> \n\n<\/div> \n<\/div><\/div><\/div>","protected":false},"excerpt":{"rendered":"<p>LASER DIODOWYDEPILACJA LASEROWA NA STA\u0141E- CENNIK LASEROWE USUWANIE TR\u0104DZIKU LASEROWE USUWANIE NACZYNEK DEPILACJA LASEROWA FOTOODM\u0141ADZANIE OSOCZE BOGATOP\u0141YTKOWE, CZYLI WAMPIRZY LIFTING LASER FRAKCYJNYUSUWANIE KURZAJEK I W\u0141\u00d3KNIAK\u00d3W LASEREM LASER FRAKCYJNY CENNIK LASEROWE USUWANIE TR\u0104DZIKUSkazy i niedoskona\u0142o\u015bci sk\u00f3ry cz\u0119sto s\u0105 przyczyn\u0105 dyskomfortu psychologicznego i psychosomatycznego, a w przypadku tr\u0105dziku odwr\u00f3conego mog\u0105 stanowi\u0107 powa\u017cny problem. Laser diodowy stanowi niezb\u0119dn\u0105 [&hellip;]<\/p>\n","protected":false},"author":1,"featured_media":0,"parent":0,"menu_order":0,"comment_status":"closed","ping_status":"closed","template":"","meta":{"footnotes":""},"class_list":["post-1635","page","type-page","status-publish","hentry"],"_links":{"self":[{"href":"https:\/\/beauty-center.pl\/index.php\/wp-json\/wp\/v2\/pages\/1635","targetHints":{"allow":["GET"]}}],"collection":[{"href":"https:\/\/beauty-center.pl\/index.php\/wp-json\/wp\/v2\/pages"}],"about":[{"href":"https:\/\/beauty-center.pl\/index.php\/wp-json\/wp\/v2\/types\/page"}],"author":[{"embeddable":true,"href":"https:\/\/beauty-center.pl\/index.php\/wp-json\/wp\/v2\/users\/1"}],"replies":[{"embeddable":true,"href":"https:\/\/beauty-center.pl\/index.php\/wp-json\/wp\/v2\/comments?post=1635"}],"version-history":[{"count":1,"href":"https:\/\/beauty-center.pl\/index.php\/wp-json\/wp\/v2\/pages\/1635\/revisions"}],"predecessor-version":[{"id":1637,"href":"https:\/\/beauty-center.pl\/index.php\/wp-json\/wp\/v2\/pages\/1635\/revisions\/1637"}],"wp:attachment":[{"href":"https:\/\/beauty-center.pl\/index.php\/wp-json\/wp\/v2\/media?parent=1635"}],"curies":[{"name":"wp","href":"https:\/\/api.w.org\/{rel}","templated":true}]}}